{"id":465,"date":"2018-04-11T10:12:38","date_gmt":"2018-04-11T07:12:38","guid":{"rendered":"http:\/\/selkokeskus.fi\/pa-svenska\/?p=465"},"modified":"2023-02-09T11:58:07","modified_gmt":"2023-02-09T09:58:07","slug":"priset-arets-klargorare","status":"publish","type":"page","link":"https:\/\/selkokeskus.fi\/pa-svenska\/om-oss\/priset-arets-klargorare\/","title":{"rendered":"Priset \u00c5rets klarg\u00f6rare"},"content":{"rendered":"<p>\u00c5rets klarg\u00f6rare \u00e4r ett erk\u00e4nnande f\u00f6r ett tillg\u00e4ngligt spr\u00e5k. Delegationen f\u00f6r l\u00e4tt spr\u00e5k delar ut priset till en person eller instans<\/p>\n<ul>\n<li>som med publikationer, program eller annan verksamhet har fr\u00e4mjat information eller kultur p\u00e5 l\u00e4tt spr\u00e5k<\/li>\n<li>som har \u00f6kat m\u00f6jligheterna f\u00f6r grupper med s\u00e4rskilda behov (s\u00e4rskilt de grupper som anv\u00e4nder l\u00e4ttl\u00e4st) att b\u00e4ttre \u00e4n tidigare delta i samh\u00e4llets och olika samh\u00e4llsgruppers verksamhet.<\/li>\n<\/ul>\n<p>Priset kan ges till enskilda personer, arbetsgrupper eller andra akt\u00f6rer (t.ex. \u00e4mbetsverk, f\u00f6retag, massmedier).<\/p>\n<p>Priset har sedan 1996 delats ut till en akt\u00f6r som har fr\u00e4mjat kommunikationen med grupper med s\u00e4rskilda behov. \u00c5r 2016 f\u00f6rnyades praxisen s\u00e5 att det vartannat \u00e5r \u00e4r delegationen som delar ut priset f\u00f6r arbete med l\u00e4ttl\u00e4st och vartannat \u00e5r Institutet f\u00f6r de inhemska spr\u00e5ken som delar ut priset f\u00f6r klart myndighetsspr\u00e5k.<\/p>\n<p><a href=\"https:\/\/selkokeskus.fi\/tietoa-meista\/tapahtumat-ja-kampanjat\/vuoden-selvasanainen\/palkinnon-saajat-1996-2020\/\" target=\"_blank\" rel=\"noopener\"><strong>En lista \u00f6ver pristagarna finns p\u00e5 v\u00e5ra finskspr\u00e5kiga sidor.<\/strong><\/a><\/p>\n\n","protected":false},"excerpt":{"rendered":"<p>\u00c5rets klarg\u00f6rare \u00e4r ett erk\u00e4nnande f\u00f6r ett tillg\u00e4ngligt spr\u00e5k. Delegationen f\u00f6r l\u00e4tt spr\u00e5k delar ut priset till en person eller instans som med publikationer, program eller annan verksamhet har fr\u00e4mjat information eller kultur p\u00e5 l\u00e4tt spr\u00e5k [&hellip;]<span class=\"moretag\">L\u00e4s mer \u2026<\/span><\/p>\n","protected":false},"author":1,"featured_media":0,"parent":115,"menu_order":8,"comment_status":"closed","ping_status":"closed","template":"","meta":{"_acf_changed":false,"footnotes":""},"class_list":["post-465","page","type-page","status-publish","hentry"],"acf":[],"_links":{"self":[{"href":"https:\/\/selkokeskus.fi\/pa-svenska\/wp-json\/wp\/v2\/pages\/465","targetHints":{"allow":["GET"]}}],"collection":[{"href":"https:\/\/selkokeskus.fi\/pa-svenska\/wp-json\/wp\/v2\/pages"}],"about":[{"href":"https:\/\/selkokeskus.fi\/pa-svenska\/wp-json\/wp\/v2\/types\/page"}],"author":[{"embeddable":true,"href":"https:\/\/selkokeskus.fi\/pa-svenska\/wp-json\/wp\/v2\/users\/1"}],"replies":[{"embeddable":true,"href":"https:\/\/selkokeskus.fi\/pa-svenska\/wp-json\/wp\/v2\/comments?post=465"}],"version-history":[{"count":0,"href":"https:\/\/selkokeskus.fi\/pa-svenska\/wp-json\/wp\/v2\/pages\/465\/revisions"}],"up":[{"embeddable":true,"href":"https:\/\/selkokeskus.fi\/pa-svenska\/wp-json\/wp\/v2\/pages\/115"}],"wp:attachment":[{"href":"https:\/\/selkokeskus.fi\/pa-svenska\/wp-json\/wp\/v2\/media?parent=465"}],"curies":[{"name":"wp","href":"https:\/\/api.w.org\/{rel}","templated":true}]}}